{"id":2825,"date":"2019-03-01T15:40:00","date_gmt":"2019-03-01T14:40:00","guid":{"rendered":"https:\/\/espace360.net\/?page_id=2825"},"modified":"2022-02-09T08:56:17","modified_gmt":"2022-02-09T07:56:17","slug":"enfants-volants","status":"publish","type":"page","link":"https:\/\/espace360.net\/chartres-luisant\/enfants-volants\/","title":{"rendered":"Les Enfants Volants"},"content":{"rendered":"\t\t<div data-elementor-type=\"wp-page\" data-elementor-id=\"2825\" class=\"elementor elementor-2825\" data-elementor-post-type=\"page\">\n\t\t\t\t\t\t<section class=\"elementor-section elementor-top-section elementor-element elementor-element-58a0e89a elementor-section-stretched elementor-section-full_width elementor-section-height-default elementor-section-height-default\" data-id=\"58a0e89a\" data-element_type=\"section\" data-e-type=\"section\" data-settings=\"{&quot;stretch_section&quot;:&quot;section-stretched&quot;}\">\n\t\t\t\t\t\t<div class=\"elementor-container elementor-column-gap-default\">\n\t\t\t\t\t<div class=\"elementor-column elementor-col-100 elementor-top-column elementor-element elementor-element-7b3f0235\" data-id=\"7b3f0235\" data-element_type=\"column\" data-e-type=\"column\">\n\t\t\t<div class=\"elementor-widget-wrap elementor-element-populated\">\n\t\t\t\t\t\t<div class=\"elementor-element elementor-element-1afcd1f3 elementor-widget elementor-widget-image\" data-id=\"1afcd1f3\" data-element_type=\"widget\" data-e-type=\"widget\" data-widget_type=\"image.default\">\n\t\t\t\t<div class=\"elementor-widget-container\">\n\t\t\t\t\t\t\t\t\t\t\t\t\t\t\t<img fetchpriority=\"high\" decoding=\"async\" width=\"1920\" height=\"748\" src=\"https:\/\/espace360.net\/chartres-luisant\/wp-content\/uploads\/sites\/4\/2019\/03\/les-enfants-volants-une.png\" class=\"attachment-full size-full wp-image-2812\" alt=\"Les Enfants Volants\" srcset=\"https:\/\/espace360.net\/chartres-luisant\/wp-content\/uploads\/sites\/4\/2019\/03\/les-enfants-volants-une.png 1920w, https:\/\/espace360.net\/chartres-luisant\/wp-content\/uploads\/sites\/4\/2019\/03\/les-enfants-volants-une-300x117.png 300w, https:\/\/espace360.net\/chartres-luisant\/wp-content\/uploads\/sites\/4\/2019\/03\/les-enfants-volants-une-1024x399.png 1024w, https:\/\/espace360.net\/chartres-luisant\/wp-content\/uploads\/sites\/4\/2019\/03\/les-enfants-volants-une-768x299.png 768w, https:\/\/espace360.net\/chartres-luisant\/wp-content\/uploads\/sites\/4\/2019\/03\/les-enfants-volants-une-1536x598.png 1536w\" sizes=\"(max-width: 1920px) 100vw, 1920px\" \/>\t\t\t\t\t\t\t\t\t\t\t\t\t\t\t<\/div>\n\t\t\t\t<\/div>\n\t\t\t\t\t<\/div>\n\t\t<\/div>\n\t\t\t\t\t<\/div>\n\t\t<\/section>\n\t\t\t\t<section class=\"elementor-section elementor-top-section elementor-element elementor-element-139f9283 elementor-section-boxed elementor-section-height-default elementor-section-height-default\" data-id=\"139f9283\" data-element_type=\"section\" data-e-type=\"section\" data-settings=\"{&quot;background_background&quot;:&quot;classic&quot;,&quot;shape_divider_bottom&quot;:&quot;waves&quot;}\">\n\t\t\t\t\t<div class=\"elementor-shape elementor-shape-bottom\" aria-hidden=\"true\" data-negative=\"false\">\n\t\t\t<svg xmlns=\"http:\/\/www.w3.org\/2000\/svg\" viewBox=\"0 0 1000 100\" preserveAspectRatio=\"none\">\n\t<path class=\"elementor-shape-fill\" d=\"M421.9,6.5c22.6-2.5,51.5,0.4,75.5,5.3c23.6,4.9,70.9,23.5,100.5,35.7c75.8,32.2,133.7,44.5,192.6,49.7\n\tc23.6,2.1,48.7,3.5,103.4-2.5c54.7-6,106.2-25.6,106.2-25.6V0H0v30.3c0,0,72,32.6,158.4,30.5c39.2-0.7,92.8-6.7,134-22.4\n\tc21.2-8.1,52.2-18.2,79.7-24.2C399.3,7.9,411.6,7.5,421.9,6.5z\"\/>\n<\/svg>\t\t<\/div>\n\t\t\t\t\t<div class=\"elementor-container elementor-column-gap-default\">\n\t\t\t\t\t<div class=\"elementor-column elementor-col-100 elementor-top-column elementor-element elementor-element-373d873c\" data-id=\"373d873c\" data-element_type=\"column\" data-e-type=\"column\">\n\t\t\t<div class=\"elementor-widget-wrap elementor-element-populated\">\n\t\t\t\t\t\t<div class=\"elementor-element elementor-element-238117d elementor-widget elementor-widget-heading\" data-id=\"238117d\" data-element_type=\"widget\" data-e-type=\"widget\" data-widget_type=\"heading.default\">\n\t\t\t\t<div class=\"elementor-widget-container\">\n\t\t\t\t\t<h1 class=\"elementor-heading-title elementor-size-default\">Les Enfants Volants<\/h1>\t\t\t\t<\/div>\n\t\t\t\t<\/div>\n\t\t\t\t<div class=\"elementor-element elementor-element-5ed81cfa elementor-widget elementor-widget-text-editor\" data-id=\"5ed81cfa\" data-element_type=\"widget\" data-e-type=\"widget\" data-widget_type=\"text-editor.default\">\n\t\t\t\t<div class=\"elementor-widget-container\">\n\t\t\t\t\t\t\t\t\t<p style=\"text-align: center;\">Une session d\u00e9di\u00e9e aux jeunes aventuriers !<\/p>\n<p style=\"text-align: center;\">Les Enfants Volants est un cr\u00e9neau de 60 minutes de vol d\u00e9di\u00e9 aux jeunes de 3 \u00e0 7 ans, tous les mercredis, samedis et dimanches de 10h \u00e0 13h. Et tous les matins durant les vacances scolaires de 10H \u00e0 13H (Zone B).<\/p>\n<p style=\"text-align: center;\">Accompagn\u00e9s d\u2019un parent, les jeunes pourront apprendre les rudiments de la discipline (aut classique, saut dans le vide, saut fantaisie, saut dans un volcan en fusion) pour voler de leur propres ailes dans le futur (d\u00e8s leur 8 ans).<\/p>\n<p style=\"text-align: center;\">L\u2019accompagnant doit \u00eatre muni de son propre bracelet connect\u00e9 pour pouvoir monter sur le parc avec son enfant afin d\u2019acc\u00e9der \u00e0 l\u2019espace gratuitement.<\/p>\t\t\t\t\t\t\t\t<\/div>\n\t\t\t\t<\/div>\n\t\t\t\t<div class=\"elementor-element elementor-element-51c47239 elementor-align-center elementor-widget elementor-widget-button\" data-id=\"51c47239\" data-element_type=\"widget\" data-e-type=\"widget\" data-widget_type=\"button.default\">\n\t\t\t\t<div class=\"elementor-widget-container\">\n\t\t\t\t\t\t\t\t\t<div class=\"elementor-button-wrapper\">\n\t\t\t\t\t<a class=\"elementor-button elementor-button-link elementor-size-xl\" href=\"https:\/\/billets.espace360.net\/#\/app\/booking\/what\/KIDS_FLIGHT\/when\">\n\t\t\t\t\t\t<span class=\"elementor-button-content-wrapper\">\n\t\t\t\t\t\t\t\t\t<span class=\"elementor-button-text\">Je m'envole<\/span>\n\t\t\t\t\t<\/span>\n\t\t\t\t\t<\/a>\n\t\t\t\t<\/div>\n\t\t\t\t\t\t\t\t<\/div>\n\t\t\t\t<\/div>\n\t\t\t\t\t<\/div>\n\t\t<\/div>\n\t\t\t\t\t<\/div>\n\t\t<\/section>\n\t\t\t\t<section class=\"elementor-section elementor-top-section elementor-element elementor-element-18581f18 elementor-section-boxed elementor-section-height-default elementor-section-height-default\" data-id=\"18581f18\" data-element_type=\"section\" data-e-type=\"section\" data-settings=\"{&quot;background_background&quot;:&quot;classic&quot;,&quot;shape_divider_top&quot;:&quot;waves&quot;,&quot;shape_divider_bottom&quot;:&quot;waves&quot;,&quot;shape_divider_bottom_negative&quot;:&quot;yes&quot;}\">\n\t\t\t\t\t<div class=\"elementor-shape elementor-shape-top\" aria-hidden=\"true\" data-negative=\"false\">\n\t\t\t<svg xmlns=\"http:\/\/www.w3.org\/2000\/svg\" viewBox=\"0 0 1000 100\" preserveAspectRatio=\"none\">\n\t<path class=\"elementor-shape-fill\" d=\"M421.9,6.5c22.6-2.5,51.5,0.4,75.5,5.3c23.6,4.9,70.9,23.5,100.5,35.7c75.8,32.2,133.7,44.5,192.6,49.7\n\tc23.6,2.1,48.7,3.5,103.4-2.5c54.7-6,106.2-25.6,106.2-25.6V0H0v30.3c0,0,72,32.6,158.4,30.5c39.2-0.7,92.8-6.7,134-22.4\n\tc21.2-8.1,52.2-18.2,79.7-24.2C399.3,7.9,411.6,7.5,421.9,6.5z\"\/>\n<\/svg>\t\t<\/div>\n\t\t\t\t<div class=\"elementor-shape elementor-shape-bottom\" aria-hidden=\"true\" data-negative=\"true\">\n\t\t\t<svg xmlns=\"http:\/\/www.w3.org\/2000\/svg\" viewBox=\"0 0 1000 100\" preserveAspectRatio=\"none\">\n\t<path class=\"elementor-shape-fill\" d=\"M790.5,93.1c-59.3-5.3-116.8-18-192.6-50c-29.6-12.7-76.9-31-100.5-35.9c-23.6-4.9-52.6-7.8-75.5-5.3\n\tc-10.2,1.1-22.6,1.4-50.1,7.4c-27.2,6.3-58.2,16.6-79.4,24.7c-41.3,15.9-94.9,21.9-134,22.6C72,58.2,0,25.8,0,25.8V100h1000V65.3\n\tc0,0-51.5,19.4-106.2,25.7C839.5,97,814.1,95.2,790.5,93.1z\"\/>\n<\/svg>\t\t<\/div>\n\t\t\t\t\t<div class=\"elementor-container elementor-column-gap-default\">\n\t\t\t\t\t<div class=\"elementor-column elementor-col-33 elementor-top-column elementor-element elementor-element-13d7a633\" data-id=\"13d7a633\" data-element_type=\"column\" data-e-type=\"column\">\n\t\t\t<div class=\"elementor-widget-wrap elementor-element-populated\">\n\t\t\t\t\t\t<div class=\"elementor-element elementor-element-32b9e73e elementor-widget elementor-widget-heading\" data-id=\"32b9e73e\" data-element_type=\"widget\" data-e-type=\"widget\" data-widget_type=\"heading.default\">\n\t\t\t\t<div class=\"elementor-widget-container\">\n\t\t\t\t\t<h3 class=\"elementor-heading-title elementor-size-default\">Dur\u00e9e<\/h3>\t\t\t\t<\/div>\n\t\t\t\t<\/div>\n\t\t\t\t<div class=\"elementor-element elementor-element-29fcc06c elementor-widget elementor-widget-text-editor\" data-id=\"29fcc06c\" data-element_type=\"widget\" data-e-type=\"widget\" data-widget_type=\"text-editor.default\">\n\t\t\t\t<div class=\"elementor-widget-container\">\n\t\t\t\t\t\t\t\t\t60 minutes\n\t\t\t\t\t\t\t\t<\/div>\n\t\t\t\t<\/div>\n\t\t\t\t\t<\/div>\n\t\t<\/div>\n\t\t\t\t<div class=\"elementor-column elementor-col-33 elementor-top-column elementor-element elementor-element-6a37b275\" data-id=\"6a37b275\" data-element_type=\"column\" data-e-type=\"column\">\n\t\t\t<div class=\"elementor-widget-wrap elementor-element-populated\">\n\t\t\t\t\t\t<div class=\"elementor-element elementor-element-44b48bb4 elementor-widget elementor-widget-heading\" data-id=\"44b48bb4\" data-element_type=\"widget\" data-e-type=\"widget\" data-widget_type=\"heading.default\">\n\t\t\t\t<div class=\"elementor-widget-container\">\n\t\t\t\t\t<h3 class=\"elementor-heading-title elementor-size-default\">Prix<\/h3>\t\t\t\t<\/div>\n\t\t\t\t<\/div>\n\t\t\t\t<div class=\"elementor-element elementor-element-5c96f907 elementor-widget elementor-widget-text-editor\" data-id=\"5c96f907\" data-element_type=\"widget\" data-e-type=\"widget\" data-widget_type=\"text-editor.default\">\n\t\t\t\t<div class=\"elementor-widget-container\">\n\t\t\t\t\t\t\t\t\t<p>12,50\u20ac tarif normal<br \/>10,50\u20ac tarif Gravity Club Family<\/p>\t\t\t\t\t\t\t\t<\/div>\n\t\t\t\t<\/div>\n\t\t\t\t\t<\/div>\n\t\t<\/div>\n\t\t\t\t<div class=\"elementor-column elementor-col-33 elementor-top-column elementor-element elementor-element-34d4c10c\" data-id=\"34d4c10c\" data-element_type=\"column\" data-e-type=\"column\">\n\t\t\t<div class=\"elementor-widget-wrap elementor-element-populated\">\n\t\t\t\t\t\t<div class=\"elementor-element elementor-element-1ea89898 elementor-widget elementor-widget-heading\" data-id=\"1ea89898\" data-element_type=\"widget\" data-e-type=\"widget\" data-widget_type=\"heading.default\">\n\t\t\t\t<div class=\"elementor-widget-container\">\n\t\t\t\t\t<h3 class=\"elementor-heading-title elementor-size-default\">Horaires<\/h3>\t\t\t\t<\/div>\n\t\t\t\t<\/div>\n\t\t\t\t<div class=\"elementor-element elementor-element-4b076b2 elementor-widget elementor-widget-text-editor\" data-id=\"4b076b2\" data-element_type=\"widget\" data-e-type=\"widget\" data-widget_type=\"text-editor.default\">\n\t\t\t\t<div class=\"elementor-widget-container\">\n\t\t\t\t\t\t\t\t\t<p>Mercredis, samedis et dimanches de 10h \u00e0 13h et tous les matins durant les vacances scolaires (Zone B)<\/p>\t\t\t\t\t\t\t\t<\/div>\n\t\t\t\t<\/div>\n\t\t\t\t\t<\/div>\n\t\t<\/div>\n\t\t\t\t\t<\/div>\n\t\t<\/section>\n\t\t\t\t<section class=\"elementor-section elementor-top-section elementor-element elementor-element-5ce1eca5 elementor-section-full_width elementor-section-content-middle elementor-section-height-default elementor-section-height-default\" data-id=\"5ce1eca5\" data-element_type=\"section\" data-e-type=\"section\" data-settings=\"{&quot;background_background&quot;:&quot;classic&quot;}\">\n\t\t\t\t\t\t<div class=\"elementor-container elementor-column-gap-default\">\n\t\t\t\t\t<div class=\"elementor-column elementor-col-66 elementor-top-column elementor-element elementor-element-112583fe\" data-id=\"112583fe\" data-element_type=\"column\" data-e-type=\"column\">\n\t\t\t<div class=\"elementor-widget-wrap elementor-element-populated\">\n\t\t\t\t\t\t<div class=\"elementor-element elementor-element-39eca27 elementor-widget elementor-widget-heading\" data-id=\"39eca27\" data-element_type=\"widget\" data-e-type=\"widget\" data-widget_type=\"heading.default\">\n\t\t\t\t<div class=\"elementor-widget-container\">\n\t\t\t\t\t<h2 class=\"elementor-heading-title elementor-size-default\">Pr\u00eat \u00e0 d\u00e9coller ?\n<\/h2>\t\t\t\t<\/div>\n\t\t\t\t<\/div>\n\t\t\t\t\t<\/div>\n\t\t<\/div>\n\t\t\t\t<div class=\"elementor-column elementor-col-33 elementor-top-column elementor-element elementor-element-5dd9dbe3\" data-id=\"5dd9dbe3\" data-element_type=\"column\" data-e-type=\"column\">\n\t\t\t<div class=\"elementor-widget-wrap elementor-element-populated\">\n\t\t\t\t\t\t<div class=\"elementor-element elementor-element-5ed61560 elementor-mobile-align-center elementor-align-center elementor-widget elementor-widget-button\" data-id=\"5ed61560\" data-element_type=\"widget\" data-e-type=\"widget\" data-widget_type=\"button.default\">\n\t\t\t\t<div class=\"elementor-widget-container\">\n\t\t\t\t\t\t\t\t\t<div class=\"elementor-button-wrapper\">\n\t\t\t\t\t<a class=\"elementor-button elementor-button-link elementor-size-lg elementor-animation-bob\" href=\"https:\/\/billets.espace360.net\/#\/app\/booking\/what\/KIDS_FLIGHT\/when\">\n\t\t\t\t\t\t<span class=\"elementor-button-content-wrapper\">\n\t\t\t\t\t\t\t\t\t<span class=\"elementor-button-text\">Je m'envole<\/span>\n\t\t\t\t\t<\/span>\n\t\t\t\t\t<\/a>\n\t\t\t\t<\/div>\n\t\t\t\t\t\t\t\t<\/div>\n\t\t\t\t<\/div>\n\t\t\t\t\t<\/div>\n\t\t<\/div>\n\t\t\t\t\t<\/div>\n\t\t<\/section>\n\t\t\t\t<\/div>\n\t\t","protected":false},"excerpt":{"rendered":"<p>Les Enfants Volants Une session d\u00e9di\u00e9e aux jeunes aventuriers ! Les Enfants Volants est un cr\u00e9neau de 60 minutes de vol d\u00e9di\u00e9 aux jeunes de 3 \u00e0 7 ans, tous les mercredis, samedis et dimanches de 10h \u00e0 13h. Et tous les matins durant les vacances scolaires de 10H \u00e0 13H (Zone B). Accompagn\u00e9s d\u2019un [&hellip;]<\/p>\n","protected":false},"author":1,"featured_media":0,"parent":0,"menu_order":0,"comment_status":"closed","ping_status":"closed","template":"elementor_header_footer","meta":{"footnotes":""},"class_list":["post-2825","page","type-page","status-publish","hentry"],"yoast_head":"<!-- This site is optimized with the Yoast SEO plugin v27.4 - https:\/\/yoast.com\/product\/yoast-seo-wordpress\/ -->\n<title>Les Enfants Volants - Cours de Trampolines pour enfants | Espace 360<\/title>\n<meta name=\"description\" content=\"Espace 360 vous propose un cours de trampolines d\u00e9di\u00e9 aux jeunes enfants ag\u00e9s de 3 \u00e0 7 ans dans son parc \u00e0 Luisant, pr\u00e8s de Chartres !\" \/>\n<meta name=\"robots\" content=\"index, follow, max-snippet:-1, max-image-preview:large, max-video-preview:-1\" \/>\n<link rel=\"canonical\" href=\"https:\/\/espace360.net\/chartres-luisant\/enfants-volants\/\" \/>\n<meta property=\"og:locale\" content=\"fr_FR\" \/>\n<meta property=\"og:type\" content=\"article\" \/>\n<meta property=\"og:title\" content=\"Les Enfants Volants - Cours de Trampolines pour enfants | Espace 360\" \/>\n<meta property=\"og:description\" content=\"Espace 360 vous propose un cours de trampolines d\u00e9di\u00e9 aux jeunes enfants ag\u00e9s de 3 \u00e0 7 ans dans son parc \u00e0 Luisant, pr\u00e8s de Chartres !\" \/>\n<meta property=\"og:url\" content=\"https:\/\/espace360.net\/chartres-luisant\/enfants-volants\/\" \/>\n<meta property=\"og:site_name\" content=\"Espace 360 Luisant\" \/>\n<meta property=\"article:publisher\" content=\"https:\/\/www.facebook.com\/espace360\/\" \/>\n<meta property=\"article:modified_time\" content=\"2022-02-09T07:56:17+00:00\" \/>\n<meta property=\"og:image\" content=\"https:\/\/espace360.net\/wp-content\/uploads\/sites\/4\/2019\/03\/les-enfants-volants-une.png\" \/>\n<meta name=\"twitter:card\" content=\"summary_large_image\" \/>\n<meta name=\"twitter:label1\" content=\"Dur\u00e9e de lecture estim\u00e9e\" \/>\n\t<meta name=\"twitter:data1\" content=\"1 minute\" \/>\n<script type=\"application\/ld+json\" class=\"yoast-schema-graph\">{\"@context\":\"https:\\\/\\\/schema.org\",\"@graph\":[{\"@type\":\"WebPage\",\"@id\":\"https:\\\/\\\/espace360.net\\\/chartres-luisant\\\/enfants-volants\\\/\",\"url\":\"https:\\\/\\\/espace360.net\\\/chartres-luisant\\\/enfants-volants\\\/\",\"name\":\"Les Enfants Volants - Cours de Trampolines pour enfants | Espace 360\",\"isPartOf\":{\"@id\":\"https:\\\/\\\/espace360.net\\\/chartres-luisant\\\/#website\"},\"primaryImageOfPage\":{\"@id\":\"https:\\\/\\\/espace360.net\\\/chartres-luisant\\\/enfants-volants\\\/#primaryimage\"},\"image\":{\"@id\":\"https:\\\/\\\/espace360.net\\\/chartres-luisant\\\/enfants-volants\\\/#primaryimage\"},\"thumbnailUrl\":\"https:\\\/\\\/espace360.net\\\/wp-content\\\/uploads\\\/sites\\\/4\\\/2019\\\/03\\\/les-enfants-volants-une.png\",\"datePublished\":\"2019-03-01T14:40:00+00:00\",\"dateModified\":\"2022-02-09T07:56:17+00:00\",\"description\":\"Espace 360 vous propose un cours de trampolines d\u00e9di\u00e9 aux jeunes enfants ag\u00e9s de 3 \u00e0 7 ans dans son parc \u00e0 Luisant, pr\u00e8s de Chartres !\",\"breadcrumb\":{\"@id\":\"https:\\\/\\\/espace360.net\\\/chartres-luisant\\\/enfants-volants\\\/#breadcrumb\"},\"inLanguage\":\"fr-FR\",\"potentialAction\":[{\"@type\":\"ReadAction\",\"target\":[\"https:\\\/\\\/espace360.net\\\/chartres-luisant\\\/enfants-volants\\\/\"]}]},{\"@type\":\"ImageObject\",\"inLanguage\":\"fr-FR\",\"@id\":\"https:\\\/\\\/espace360.net\\\/chartres-luisant\\\/enfants-volants\\\/#primaryimage\",\"url\":\"https:\\\/\\\/espace360.net\\\/wp-content\\\/uploads\\\/sites\\\/4\\\/2019\\\/03\\\/les-enfants-volants-une.png\",\"contentUrl\":\"https:\\\/\\\/espace360.net\\\/wp-content\\\/uploads\\\/sites\\\/4\\\/2019\\\/03\\\/les-enfants-volants-une.png\"},{\"@type\":\"BreadcrumbList\",\"@id\":\"https:\\\/\\\/espace360.net\\\/chartres-luisant\\\/enfants-volants\\\/#breadcrumb\",\"itemListElement\":[{\"@type\":\"ListItem\",\"position\":1,\"name\":\"Accueil\",\"item\":\"https:\\\/\\\/espace360.net\\\/chartres-luisant\\\/\"},{\"@type\":\"ListItem\",\"position\":2,\"name\":\"Les Enfants Volants\"}]},{\"@type\":\"WebSite\",\"@id\":\"https:\\\/\\\/espace360.net\\\/chartres-luisant\\\/#website\",\"url\":\"https:\\\/\\\/espace360.net\\\/chartres-luisant\\\/\",\"name\":\"Espace 360 Luisant\",\"description\":\"Prenez Votre Envol\",\"publisher\":{\"@id\":\"https:\\\/\\\/espace360.net\\\/chartres-luisant\\\/#organization\"},\"potentialAction\":[{\"@type\":\"SearchAction\",\"target\":{\"@type\":\"EntryPoint\",\"urlTemplate\":\"https:\\\/\\\/espace360.net\\\/chartres-luisant\\\/?s={search_term_string}\"},\"query-input\":{\"@type\":\"PropertyValueSpecification\",\"valueRequired\":true,\"valueName\":\"search_term_string\"}}],\"inLanguage\":\"fr-FR\"},{\"@type\":\"Organization\",\"@id\":\"https:\\\/\\\/espace360.net\\\/chartres-luisant\\\/#organization\",\"name\":\"Espace 360 Luisant\",\"url\":\"https:\\\/\\\/espace360.net\\\/chartres-luisant\\\/\",\"logo\":{\"@type\":\"ImageObject\",\"inLanguage\":\"fr-FR\",\"@id\":\"https:\\\/\\\/espace360.net\\\/chartres-luisant\\\/#\\\/schema\\\/logo\\\/image\\\/\",\"url\":\"https:\\\/\\\/espace360.net\\\/chartres-luisant\\\/wp-content\\\/uploads\\\/sites\\\/4\\\/2018\\\/11\\\/logo-espace-360.png\",\"contentUrl\":\"https:\\\/\\\/espace360.net\\\/chartres-luisant\\\/wp-content\\\/uploads\\\/sites\\\/4\\\/2018\\\/11\\\/logo-espace-360.png\",\"width\":186,\"height\":80,\"caption\":\"Espace 360 Luisant\"},\"image\":{\"@id\":\"https:\\\/\\\/espace360.net\\\/chartres-luisant\\\/#\\\/schema\\\/logo\\\/image\\\/\"},\"sameAs\":[\"https:\\\/\\\/www.facebook.com\\\/espace360\\\/\",\"https:\\\/\\\/www.instagram.com\\\/espace360.luisant\\\/\"]}]}<\/script>\n<!-- \/ Yoast SEO plugin. -->","yoast_head_json":{"title":"Les Enfants Volants - Cours de Trampolines pour enfants | Espace 360","description":"Espace 360 vous propose un cours de trampolines d\u00e9di\u00e9 aux jeunes enfants ag\u00e9s de 3 \u00e0 7 ans dans son parc \u00e0 Luisant, pr\u00e8s de Chartres !","robots":{"index":"index","follow":"follow","max-snippet":"max-snippet:-1","max-image-preview":"max-image-preview:large","max-video-preview":"max-video-preview:-1"},"canonical":"https:\/\/espace360.net\/chartres-luisant\/enfants-volants\/","og_locale":"fr_FR","og_type":"article","og_title":"Les Enfants Volants - Cours de Trampolines pour enfants | Espace 360","og_description":"Espace 360 vous propose un cours de trampolines d\u00e9di\u00e9 aux jeunes enfants ag\u00e9s de 3 \u00e0 7 ans dans son parc \u00e0 Luisant, pr\u00e8s de Chartres !","og_url":"https:\/\/espace360.net\/chartres-luisant\/enfants-volants\/","og_site_name":"Espace 360 Luisant","article_publisher":"https:\/\/www.facebook.com\/espace360\/","article_modified_time":"2022-02-09T07:56:17+00:00","og_image":[{"url":"https:\/\/espace360.net\/wp-content\/uploads\/sites\/4\/2019\/03\/les-enfants-volants-une.png","type":"","width":"","height":""}],"twitter_card":"summary_large_image","twitter_misc":{"Dur\u00e9e de lecture estim\u00e9e":"1 minute"},"schema":{"@context":"https:\/\/schema.org","@graph":[{"@type":"WebPage","@id":"https:\/\/espace360.net\/chartres-luisant\/enfants-volants\/","url":"https:\/\/espace360.net\/chartres-luisant\/enfants-volants\/","name":"Les Enfants Volants - Cours de Trampolines pour enfants | Espace 360","isPartOf":{"@id":"https:\/\/espace360.net\/chartres-luisant\/#website"},"primaryImageOfPage":{"@id":"https:\/\/espace360.net\/chartres-luisant\/enfants-volants\/#primaryimage"},"image":{"@id":"https:\/\/espace360.net\/chartres-luisant\/enfants-volants\/#primaryimage"},"thumbnailUrl":"https:\/\/espace360.net\/wp-content\/uploads\/sites\/4\/2019\/03\/les-enfants-volants-une.png","datePublished":"2019-03-01T14:40:00+00:00","dateModified":"2022-02-09T07:56:17+00:00","description":"Espace 360 vous propose un cours de trampolines d\u00e9di\u00e9 aux jeunes enfants ag\u00e9s de 3 \u00e0 7 ans dans son parc \u00e0 Luisant, pr\u00e8s de Chartres !","breadcrumb":{"@id":"https:\/\/espace360.net\/chartres-luisant\/enfants-volants\/#breadcrumb"},"inLanguage":"fr-FR","potentialAction":[{"@type":"ReadAction","target":["https:\/\/espace360.net\/chartres-luisant\/enfants-volants\/"]}]},{"@type":"ImageObject","inLanguage":"fr-FR","@id":"https:\/\/espace360.net\/chartres-luisant\/enfants-volants\/#primaryimage","url":"https:\/\/espace360.net\/wp-content\/uploads\/sites\/4\/2019\/03\/les-enfants-volants-une.png","contentUrl":"https:\/\/espace360.net\/wp-content\/uploads\/sites\/4\/2019\/03\/les-enfants-volants-une.png"},{"@type":"BreadcrumbList","@id":"https:\/\/espace360.net\/chartres-luisant\/enfants-volants\/#breadcrumb","itemListElement":[{"@type":"ListItem","position":1,"name":"Accueil","item":"https:\/\/espace360.net\/chartres-luisant\/"},{"@type":"ListItem","position":2,"name":"Les Enfants Volants"}]},{"@type":"WebSite","@id":"https:\/\/espace360.net\/chartres-luisant\/#website","url":"https:\/\/espace360.net\/chartres-luisant\/","name":"Espace 360 Luisant","description":"Prenez Votre Envol","publisher":{"@id":"https:\/\/espace360.net\/chartres-luisant\/#organization"},"potentialAction":[{"@type":"SearchAction","target":{"@type":"EntryPoint","urlTemplate":"https:\/\/espace360.net\/chartres-luisant\/?s={search_term_string}"},"query-input":{"@type":"PropertyValueSpecification","valueRequired":true,"valueName":"search_term_string"}}],"inLanguage":"fr-FR"},{"@type":"Organization","@id":"https:\/\/espace360.net\/chartres-luisant\/#organization","name":"Espace 360 Luisant","url":"https:\/\/espace360.net\/chartres-luisant\/","logo":{"@type":"ImageObject","inLanguage":"fr-FR","@id":"https:\/\/espace360.net\/chartres-luisant\/#\/schema\/logo\/image\/","url":"https:\/\/espace360.net\/chartres-luisant\/wp-content\/uploads\/sites\/4\/2018\/11\/logo-espace-360.png","contentUrl":"https:\/\/espace360.net\/chartres-luisant\/wp-content\/uploads\/sites\/4\/2018\/11\/logo-espace-360.png","width":186,"height":80,"caption":"Espace 360 Luisant"},"image":{"@id":"https:\/\/espace360.net\/chartres-luisant\/#\/schema\/logo\/image\/"},"sameAs":["https:\/\/www.facebook.com\/espace360\/","https:\/\/www.instagram.com\/espace360.luisant\/"]}]}},"_links":{"self":[{"href":"https:\/\/espace360.net\/chartres-luisant\/wp-json\/wp\/v2\/pages\/2825","targetHints":{"allow":["GET"]}}],"collection":[{"href":"https:\/\/espace360.net\/chartres-luisant\/wp-json\/wp\/v2\/pages"}],"about":[{"href":"https:\/\/espace360.net\/chartres-luisant\/wp-json\/wp\/v2\/types\/page"}],"author":[{"embeddable":true,"href":"https:\/\/espace360.net\/chartres-luisant\/wp-json\/wp\/v2\/users\/1"}],"replies":[{"embeddable":true,"href":"https:\/\/espace360.net\/chartres-luisant\/wp-json\/wp\/v2\/comments?post=2825"}],"version-history":[{"count":0,"href":"https:\/\/espace360.net\/chartres-luisant\/wp-json\/wp\/v2\/pages\/2825\/revisions"}],"wp:attachment":[{"href":"https:\/\/espace360.net\/chartres-luisant\/wp-json\/wp\/v2\/media?parent=2825"}],"curies":[{"name":"wp","href":"https:\/\/api.w.org\/{rel}","templated":true}]}}